{"id":325,"date":"2017-06-03T17:40:50","date_gmt":"2017-06-03T15:40:50","guid":{"rendered":"http:\/\/kirche-hahn.de\/wordpress\/?page_id=325"},"modified":"2020-09-23T08:56:35","modified_gmt":"2020-09-23T07:56:35","slug":"gemeindehaus-2","status":"publish","type":"page","link":"https:\/\/kirche-hahn.de\/wordpress\/gemeindehaus-2\/","title":{"rendered":"Gemeindehaus"},"content":{"rendered":"<p><img data-recalc-dims=\"1\" loading=\"lazy\" decoding=\"async\" class=\"alignnone wp-image-3399 size-medium\" src=\"https:\/\/i0.wp.com\/kirche-hahn.de\/wordpress\/wp-content\/uploads\/2020\/09\/IMG_1348.jpg?resize=300%2C200&#038;ssl=1\" alt=\"\" width=\"300\" height=\"200\" srcset=\"https:\/\/i0.wp.com\/kirche-hahn.de\/wordpress\/wp-content\/uploads\/2020\/09\/IMG_1348-scaled.jpg?resize=300%2C200&amp;ssl=1 300w, https:\/\/i0.wp.com\/kirche-hahn.de\/wordpress\/wp-content\/uploads\/2020\/09\/IMG_1348-scaled.jpg?resize=1024%2C682&amp;ssl=1 1024w, https:\/\/i0.wp.com\/kirche-hahn.de\/wordpress\/wp-content\/uploads\/2020\/09\/IMG_1348-scaled.jpg?resize=768%2C511&amp;ssl=1 768w, https:\/\/i0.wp.com\/kirche-hahn.de\/wordpress\/wp-content\/uploads\/2020\/09\/IMG_1348-scaled.jpg?resize=1536%2C1023&amp;ssl=1 1536w, https:\/\/i0.wp.com\/kirche-hahn.de\/wordpress\/wp-content\/uploads\/2020\/09\/IMG_1348-scaled.jpg?resize=2048%2C1364&amp;ssl=1 2048w, https:\/\/i0.wp.com\/kirche-hahn.de\/wordpress\/wp-content\/uploads\/2020\/09\/IMG_1348-scaled.jpg?w=1720&amp;ssl=1 1720w\" sizes=\"auto, (max-width: 300px) 100vw, 300px\" \/><\/p>\n<p>Das Gemeindehaus liegt direkt neben der KiTa am Geschwister-Cr\u00f6\u00dfmann-Weg.<\/p>\n<p>(Der Stra\u00dfenname erinnert an die beiden Schwestern Liese und Grete Cr\u00f6\u00dfmann, die in den 50er Jahren des 20. Jahrhunderts dieses Gel\u00e4nde der Kirchengemeinde vermacht haben.\u00a0Am anderen Ende des Grundst\u00fccks, zur Obergasse hin,\u00a0 liegt das Pfarrhaus mit dem Pfarrb\u00fcro.)<\/p>\n<p>Das Gemeindehaus ist sehr wohnlich eingerichtet und bietet all unseren Gemeindegruppen einen sch\u00f6nen Ort zum Treffen, Feiern, Reden oder Arbeiten.<\/p>\n<div id=\"attachment_451\" style=\"width: 310px\" class=\"wp-caption alignnone\"><img data-recalc-dims=\"1\" loading=\"lazy\" decoding=\"async\" aria-describedby=\"caption-attachment-451\" class=\"wp-image-451 size-medium\" src=\"https:\/\/i0.wp.com\/kirche-hahn.de\/wordpress\/wp-content\/uploads\/2017\/06\/Gemeindehaus-2.jpg?resize=300%2C200&#038;ssl=1\" alt=\"\" width=\"300\" height=\"200\" srcset=\"https:\/\/i0.wp.com\/kirche-hahn.de\/wordpress\/wp-content\/uploads\/2017\/06\/Gemeindehaus-2.jpg?resize=300%2C200&amp;ssl=1 300w, https:\/\/i0.wp.com\/kirche-hahn.de\/wordpress\/wp-content\/uploads\/2017\/06\/Gemeindehaus-2.jpg?w=320&amp;ssl=1 320w\" sizes=\"auto, (max-width: 300px) 100vw, 300px\" \/><p id=\"caption-attachment-451\" class=\"wp-caption-text\">Sitzgruppe vor dem Kamin im Gemeindehaus<\/p><\/div>\n<p><span style=\"font-size: 0.95em;\">Der Saal, die gem\u00fctliche Kaminrunde, die K\u00fcche und die Bar im Erdgeschoss werden ebenso wie der Gruppenraum und der Jugendraum mit Billard und Tischkicker im Keller gerne genutzt. Die \u201eR\u00fcckseite\u201c des Kamins ist ein Backofen, der zuverl\u00e4ssig beim Gemeindefest zum Pizzabacken angeheizt wird. Daher kommt auch der Name \u201eSommer-Backofen-Fest\u201c.<\/span><\/p>\n<p>Das Au\u00dfengel\u00e4nde vereint Gemeindezentrum und KiTa. Dies entspricht dem Konzept der Gemeinde, alle Gruppen und Generationen miteinander in Kontakt zu bringen<\/p>\n","protected":false},"excerpt":{"rendered":"<p>Das Gemeindehaus liegt direkt neben der KiTa am Geschwister-Cr\u00f6\u00dfmann-Weg. (Der Stra\u00dfenname erinnert an die beiden Schwestern Liese und Grete Cr\u00f6\u00dfmann, die in den 50er Jahren des 20. Jahrhunderts dieses Gel\u00e4nde der Kirchengemeinde vermacht haben.\u00a0Am anderen Ende des Grundst\u00fccks, zur Obergasse hin,\u00a0 liegt das Pfarrhaus mit dem Pfarrb\u00fcro.) Das Gemeindehaus ist sehr wohnlich eingerichtet und bietet all unseren Gemeindegruppen einen sch\u00f6nen<\/p>\n","protected":false},"author":5,"featured_media":0,"parent":0,"menu_order":0,"comment_status":"closed","ping_status":"closed","template":"","meta":{"footnotes":""},"class_list":["post-325","page","type-page","status-publish","hentry"],"jetpack_sharing_enabled":true,"_links":{"self":[{"href":"https:\/\/kirche-hahn.de\/wordpress\/wp-json\/wp\/v2\/pages\/325","targetHints":{"allow":["GET"]}}],"collection":[{"href":"https:\/\/kirche-hahn.de\/wordpress\/wp-json\/wp\/v2\/pages"}],"about":[{"href":"https:\/\/kirche-hahn.de\/wordpress\/wp-json\/wp\/v2\/types\/page"}],"author":[{"embeddable":true,"href":"https:\/\/kirche-hahn.de\/wordpress\/wp-json\/wp\/v2\/users\/5"}],"replies":[{"embeddable":true,"href":"https:\/\/kirche-hahn.de\/wordpress\/wp-json\/wp\/v2\/comments?post=325"}],"version-history":[{"count":13,"href":"https:\/\/kirche-hahn.de\/wordpress\/wp-json\/wp\/v2\/pages\/325\/revisions"}],"predecessor-version":[{"id":3403,"href":"https:\/\/kirche-hahn.de\/wordpress\/wp-json\/wp\/v2\/pages\/325\/revisions\/3403"}],"wp:attachment":[{"href":"https:\/\/kirche-hahn.de\/wordpress\/wp-json\/wp\/v2\/media?parent=325"}],"curies":[{"name":"wp","href":"https:\/\/api.w.org\/{rel}","templated":true}]}}